{"id":352,"date":"2020-02-22T10:25:43","date_gmt":"2020-02-22T10:25:43","guid":{"rendered":"http:\/\/34.69.47.19:81\/cardeto\/?page_id=352"},"modified":"2021-06-15T14:20:14","modified_gmt":"2021-06-15T14:20:14","slug":"history","status":"publish","type":"page","link":"http:\/\/2.114.201.122\/comunecardeto.it\/history\/","title":{"rendered":"Storia"},"content":{"rendered":"\t\t<div data-elementor-type=\"wp-page\" data-elementor-id=\"352\" class=\"elementor elementor-352\">\n\t\t\t\t\t\t\t\t\t<section class=\"elementor-section elementor-top-section elementor-element elementor-element-c20be22 elementor-section-boxed elementor-section-height-default elementor-section-height-default\" data-id=\"c20be22\" data-element_type=\"section\">\n\t\t\t\t\t\t<div class=\"elementor-container elementor-column-gap-default\">\n\t\t\t\t\t<div class=\"elementor-column elementor-col-100 elementor-top-column elementor-element elementor-element-5887268\" data-id=\"5887268\" data-element_type=\"column\">\n\t\t\t<div class=\"elementor-widget-wrap\">\n\t\t\t\t\t\t\t\t\t<\/div>\n\t\t<\/div>\n\t\t\t\t\t\t\t<\/div>\n\t\t<\/section>\n\t\t\t\t<section class=\"elementor-section elementor-top-section elementor-element elementor-element-1cf7dc5 elementor-section-stretched elementor-section-full_width elementor-section-height-default elementor-section-height-default\" data-id=\"1cf7dc5\" data-element_type=\"section\" data-settings=\"{&quot;stretch_section&quot;:&quot;section-stretched&quot;}\">\n\t\t\t\t\t\t<div class=\"elementor-container elementor-column-gap-no\">\n\t\t\t\t\t<div class=\"elementor-column elementor-col-100 elementor-top-column elementor-element elementor-element-0cfd012\" data-id=\"0cfd012\" data-element_type=\"column\">\n\t\t\t<div class=\"elementor-widget-wrap elementor-element-populated\">\n\t\t\t\t\t\t\t\t<div class=\"elementor-element elementor-element-422b3d0 elementor-widget elementor-widget-citygovt_history\" data-id=\"422b3d0\" data-element_type=\"widget\" data-widget_type=\"citygovt_history.default\">\n\t\t\t\t<div class=\"elementor-widget-container\">\n\t\t\t<section class=\"history-section\">\n\t<div class=\"image-layer\" style=\"background-image:url(http:\/\/2.114.201.122\/comunecardeto.it\/wp-content\/uploads\/2021\/06\/cropped-Cardeto-Stemma.png);\"><\/div>\n\t<div class=\"pattern-layer\" style=\"background-image: url();\"><\/div>\n\t<div class=\"auto-container\">\n\t\t<div class=\"sec-title with-separator centered\">\n\t\t\t<h2>Storia<\/h2>\n\t\t\t<div class=\"separator\"><span class=\"cir c-1\"><\/span><span class=\"cir c-2\"><\/span><span\n\t\t\t\t\tclass=\"cir c-3\"><\/span><\/div>\n\t\t\t<div class=\"lower-text\">\u00ab Qui perenne \u00e8 l'aprile ed ingemmata\n\n Ride di gigli e rose ogni pendice,\n\nD'un zeffiro vital l'aura felice\n\nRinverde ognor la sponda innamorata;\n\n Il cielo,a cui bella innocenza \u00e9 grata,\n\nIl nembo affrena,e la saetta ultrice;\n\nDi queste balze eterna abitatrice\n\n \n\nErra Amistade e in queste balze \u00e8 nata.\n\nIl campo aprico, la salvetta,il rio,\n\nL'argenteo fonte,l'augellin loquace,\n\nL'ombrosa valle,il rorido pendio;\n\n Se il giorno splende,e se la notte tace,\n\nSuonano ognor con lene mormorio;\n\nHanno il nido tra noi Virtude e Pace. \u00bb\n\n \n\n(Cardinale Luigi Tripepi -\n\npoesia Cardeto, mia patria.)<\/div>\n\t\t<\/div>\n\n\t\t<div class=\"history-container\">\n\t\t\t<div class=\"center-line\"><span class=\"dot upper-dot\"><\/span><span class=\"dot lower-dot\"><\/span><\/div>\n\t\t\t<div class=\"history-content\">\n\t\t\t\t<!--Block-->\n\t\t\t\t\t\t\t\t\t\t\t\t\t<div class=\"history-block\">\n\t\t\t\t\t<div class=\"row clearfix\">\n\t\t\t\t\t\t<div class=\"image-col col-lg-6 col-md-12 col-sm-12\">\n\t\t\t\t\t\t\t<div class=\"inner\">\n\t\t\t\t\t\t\t\t<div class=\"year-box\">\n\t\t\t\t\t\t\t\t\t<div class=\"year-inner\"><span><\/span><\/div>\n\t\t\t\t\t\t\t\t<\/div>\n\t\t\t\t\t\t\t\t<div class=\"image-box\">\n\t\t\t\t\t\t\t\t\t<figure class=\"image\">\n\t\t\t\t\t\t\t\t\t<img decoding=\"async\" src=\"http:\/\/2.114.201.122\/comunecardeto.it\/wp-content\/uploads\/2021\/06\/DSCF0031.jpeg\" title=\"DSCF0031\" alt=\"DSCF0031\" loading=\"lazy\" \/>\t\t\t\t\t\t\t\t\t<\/figure>\n\t\t\t\t\t\t\t\t<\/div>\n\t\t\t\t\t\t\t<\/div>\n\t\t\t\t\t\t<\/div>\n\t\t\t\t\t\t<div class=\"text-col col-lg-6 col-md-12 col-sm-12\">\n\t\t\t\t\t\t\t<div class=\"inner\">\n\t\t\t\t\t\t\t\t<h6>Carditum<\/h6>\n\t\t\t\t\t\t\t\t<h3><a href=\"#\"\n\t\t\t\t\t\t\t\t\t\t target=\"_blank\"  rel=\"nofollow\">terra di cardi<\/a>\n\t\t\t\t\t\t\t\t<\/h3>\n\t\t\t\t\t\t\t\t<div class=\"text\">\"Carditum\", terra di cardi, \u00e8 un antico centro, situato nell'alta valle della fiumara Sant'Agata, in pieno Aspromonte, a mezza costa del monte Ulis.<\/div>\n\t\t\t\t\t\t\t<\/div>\n\t\t\t\t\t\t<\/div>\n\t\t\t\t\t<\/div>\n\t\t\t\t<\/div>\n\t\t\t\t\t\t\t\t\t\n\t\t\t\t<div class=\"history-block alternate\">\n\t\t\t\t\t<div class=\"row clearfix\">\n\t\t\t\t\t\t<div class=\"image-col col-lg-6 col-md-12 col-sm-12\">\n\t\t\t\t\t\t\t<div class=\"inner\">\n\t\t\t\t\t\t\t\t<div class=\"year-box\">\n\t\t\t\t\t\t\t\t\t<div class=\"year-inner\"><span><\/span><\/div>\n\t\t\t\t\t\t\t\t<\/div>\n\t\t\t\t\t\t\t\t<div class=\"image-box\">\n\t\t\t\t\t\t\t\t\t<figure class=\"image\">\n\t\t\t\t\t\t\t\t\t<img decoding=\"async\" src=\"http:\/\/2.114.201.122\/comunecardeto.it\/wp-content\/uploads\/2021\/06\/1280px-Veduta_stretto.jpeg\" title=\"1280px-Veduta_stretto\" alt=\"1280px-Veduta_stretto\" loading=\"lazy\" \/>\t\t\t\t\t\t\t\t\t<\/figure>\n\t\t\t\t\t\t\t\t<\/div>\n\t\t\t\t\t\t\t<\/div>\n\t\t\t\t\t\t<\/div>\n\t\t\t\t\t\t<div class=\"text-col col-lg-6 col-md-12 col-sm-12\">\n\t\t\t\t\t\t\t<div class=\"inner\">\n\t\t\t\t\t\t\t\t<h6><\/h6>\n\t\t\t\t\t\t\t\t<h3><a href=\"#\"\n\t\t\t\t\t\t\t\t\t\t target=\"_blank\"  rel=\"nofollow\"><\/a><\/h3>\n\t\t\t\t\t\t\t\t<div class=\"text\">In esso, fino alla prima met\u00e0 del ' 700 \u00e8 attestata la pratica del rito greco e si parlava anche in grecanico. Casale di Motta Sant' Agata fino al 1783, nonch\u00e8 di Sant'Agata di Gallina fino al 1806, con la ristrutturazione amministrativa operata da Giuseppe Bonaparte in quell'anno diviene comune autonomo. Fra i momenti della sua storia da segnalare, va ricordato che nel 1563 il paese venne dato alle fiamme per ordine dell\u2019inquisitore spagnolo Pietro Pansa perch\u00e9 sospettato di nascondere eretici.<\/div>\n\t\t\t\t\t\t\t<\/div>\n\t\t\t\t\t\t<\/div>\n\t\t\t\t\t<\/div>\n\t\t\t\t<\/div>\n\t\t\t\t\t\t\t\t\t\t\t\t\t\t\t<div class=\"history-block\">\n\t\t\t\t\t<div class=\"row clearfix\">\n\t\t\t\t\t\t<div class=\"image-col col-lg-6 col-md-12 col-sm-12\">\n\t\t\t\t\t\t\t<div class=\"inner\">\n\t\t\t\t\t\t\t\t<div class=\"year-box\">\n\t\t\t\t\t\t\t\t\t<div class=\"year-inner\"><span><\/span><\/div>\n\t\t\t\t\t\t\t\t<\/div>\n\t\t\t\t\t\t\t\t<div class=\"image-box\">\n\t\t\t\t\t\t\t\t\t<figure class=\"image\">\n\t\t\t\t\t\t\t\t\t<img decoding=\"async\" src=\"http:\/\/2.114.201.122\/comunecardeto.it\/wp-content\/uploads\/2021\/06\/Cardeto-Chiesa-di-San-Sebastiano-Foto-Enzo-Galluccio1.jpeg\" title=\"Cardeto-Chiesa-di-San-Sebastiano-Foto-Enzo-Galluccio1\" alt=\"Cardeto-Chiesa-di-San-Sebastiano-Foto-Enzo-Galluccio1\" loading=\"lazy\" \/>\t\t\t\t\t\t\t\t\t<\/figure>\n\t\t\t\t\t\t\t\t<\/div>\n\t\t\t\t\t\t\t<\/div>\n\t\t\t\t\t\t<\/div>\n\t\t\t\t\t\t<div class=\"text-col col-lg-6 col-md-12 col-sm-12\">\n\t\t\t\t\t\t\t<div class=\"inner\">\n\t\t\t\t\t\t\t\t<h6><\/h6>\n\t\t\t\t\t\t\t\t<h3><a href=\"#\"\n\t\t\t\t\t\t\t\t\t\t target=\"_blank\"  rel=\"nofollow\"><\/a>\n\t\t\t\t\t\t\t\t<\/h3>\n\t\t\t\t\t\t\t\t<div class=\"text\">Nel 1603, ha 70 \u201cfuochi\u201d, cio\u00e8 nuclei familiari, con 242 anime.\nLa chiesa del Santo Patrono, San Sebastiano, forse del XVII sec. , \u00e8 stranamente collocata fuori del Centro Storico. Nel 1595, c\u2019era anche una chiesa dedicata ai santi Cosma e Damiano, nella quale , \u201cper la devastazione della parrocchiale\u201d, viene trasferito il culto dei Santi Pietro e Paolo.\nIl fatto \u00e8 da ricordare perch\u00e9 nella circostanza il Dittereo, Giuseppe Bova, celebr\u00f2 la messa 'more grecorum'. Altra antica istituzione religiosa, l'abbazia di S. Nicola di Focolica, anch'essa posta fuori del paese e sulla cui rendita il canonico reggino Lelio Furnari Monsolino istitu\u00ec nel 1643 addirittura una commenda del Sovrano Ordine di Malta.<\/div>\n\t\t\t\t\t\t\t<\/div>\n\t\t\t\t\t\t<\/div>\n\t\t\t\t\t<\/div>\n\t\t\t\t<\/div>\n\t\t\t\t\t\t\t\t\t\n\t\t\t\t<div class=\"history-block alternate\">\n\t\t\t\t\t<div class=\"row clearfix\">\n\t\t\t\t\t\t<div class=\"image-col col-lg-6 col-md-12 col-sm-12\">\n\t\t\t\t\t\t\t<div class=\"inner\">\n\t\t\t\t\t\t\t\t<div class=\"year-box\">\n\t\t\t\t\t\t\t\t\t<div class=\"year-inner\"><span><\/span><\/div>\n\t\t\t\t\t\t\t\t<\/div>\n\t\t\t\t\t\t\t\t<div class=\"image-box\">\n\t\t\t\t\t\t\t\t\t<figure class=\"image\">\n\t\t\t\t\t\t\t\t\t<img decoding=\"async\" src=\"http:\/\/2.114.201.122\/comunecardeto.it\/wp-content\/uploads\/2021\/06\/400px-Cardeto.jpeg\" title=\"400px-Cardeto\" alt=\"400px-Cardeto\" loading=\"lazy\" \/>\t\t\t\t\t\t\t\t\t<\/figure>\n\t\t\t\t\t\t\t\t<\/div>\n\t\t\t\t\t\t\t<\/div>\n\t\t\t\t\t\t<\/div>\n\t\t\t\t\t\t<div class=\"text-col col-lg-6 col-md-12 col-sm-12\">\n\t\t\t\t\t\t\t<div class=\"inner\">\n\t\t\t\t\t\t\t\t<h6><\/h6>\n\t\t\t\t\t\t\t\t<h3><a href=\"#\"\n\t\t\t\t\t\t\t\t\t\t target=\"_blank\"  rel=\"nofollow\"><\/a><\/h3>\n\t\t\t\t\t\t\t\t<div class=\"text\">A tre Km. oltre il paese, andando verso l'Aspromonte, c'\u00e8 poi il santuario di S. Maria Assunta di Mallamace, un monastero costruito dagli eremiti di S. Maria di Trapezomata in epoca molto remota e poi passato al culto ordinario, dopo la scomparsa di quella importante realt\u00e0 religiosa.\nNel 1770, ottengono l\u2019approvazione reale gli statuti della Confraternita della SS. Trinit\u00e0 e del SS. Sacramento e di quella del Rosario e del Carmine; nel 1787 quelli della Confraternita del Monte del Morti o del SS. Crocefisso, che per\u00f2 negli anni andranno scomparendo.\nIl terremoto del 1783 distrugge la Parrocchiale, ma provoca solo 12 morti sugli 859 suoi abitanti.\n1806: gente di Cardeto accorre a Reggio per liberare l\u2019arcivescovo Bernardo Cenicola che era stato sequestrato, per rancori personali, da un gruppo di scalmanati, guidati da un prete di Bova, Giuseppe Vitale.<\/div>\n\t\t\t\t\t\t\t<\/div>\n\t\t\t\t\t\t<\/div>\n\t\t\t\t\t<\/div>\n\t\t\t\t<\/div>\n\t\t\t\t\t\t\t\t\t\t\t\t\t\t\t<div class=\"history-block\">\n\t\t\t\t\t<div class=\"row clearfix\">\n\t\t\t\t\t\t<div class=\"image-col col-lg-6 col-md-12 col-sm-12\">\n\t\t\t\t\t\t\t<div class=\"inner\">\n\t\t\t\t\t\t\t\t<div class=\"year-box\">\n\t\t\t\t\t\t\t\t\t<div class=\"year-inner\"><span><\/span><\/div>\n\t\t\t\t\t\t\t\t<\/div>\n\t\t\t\t\t\t\t\t<div class=\"image-box\">\n\t\t\t\t\t\t\t\t\t<figure class=\"image\">\n\t\t\t\t\t\t\t\t\t<img decoding=\"async\" src=\"http:\/\/2.114.201.122\/comunecardeto.it\/wp-content\/uploads\/2021\/06\/sddefault.jpeg\" title=\"sddefault\" alt=\"sddefault\" loading=\"lazy\" \/>\t\t\t\t\t\t\t\t\t<\/figure>\n\t\t\t\t\t\t\t\t<\/div>\n\t\t\t\t\t\t\t<\/div>\n\t\t\t\t\t\t<\/div>\n\t\t\t\t\t\t<div class=\"text-col col-lg-6 col-md-12 col-sm-12\">\n\t\t\t\t\t\t\t<div class=\"inner\">\n\t\t\t\t\t\t\t\t<h6><\/h6>\n\t\t\t\t\t\t\t\t<h3><a href=\"#\"\n\t\t\t\t\t\t\t\t\t\t target=\"_blank\"  rel=\"nofollow\"><\/a>\n\t\t\t\t\t\t\t\t<\/h3>\n\t\t\t\t\t\t\t\t<div class=\"text\">1896: costituzione della Confraternita di San Sebastiano, tutt' ora operante.\nIn occasione del terremoto del 1908, due seminaristi cardetesi, Rossi e Falduto, che si trovavano alla Stazione Succursale di Reggio perch\u00e9 dovevano raggiungere Napoli, restarono schiacciati sotto le macerie dell'edificio.\nIn quella terribile circostanza, che produsse danni gravissimi al paese in morti, feriti e distruzioni, la chiesa parrocchiale croll\u00f2 nuovamente; sar\u00e0 ricostruita nel 1934 e ancora danneggiata dall'alluvione del 15?18 ottobre 1951.\nRimase lesionata pure la chiesa di San Sebastiano, che \u00e8 stato possibile riaprire al culto solo il 15 gennaio 2000.\nE\u2019 presente un\u2019altra Confraternita, posta sotto la protezione dell\u2019Addolorata, fondata nel 1942.Nel 1770, ottengono l\u2019approvazione reale gli statuti della Confraternita della SS. Trinit\u00e0 e del SS. Sacramento e di quella del Rosario e del Carmine; nel 1787 quelli della Confraternita del Monte del Morti o del SS. Crocefisso, che per\u00f2 negli anni andranno scomparendo.\nIl terremoto del 1783 distrugge la Parrocchiale, ma provoca solo 12 morti sugli 859 suoi abitanti.\n1806: gente di Cardeto accorre a Reggio per liberare l\u2019arcivescovo Bernardo Cenicola che era stato sequestrato, per rancori personali, da un gruppo di scalmanati, guidati da un prete di Bova, Giuseppe Vitale.<\/div>\n\t\t\t\t\t\t\t<\/div>\n\t\t\t\t\t\t<\/div>\n\t\t\t\t\t<\/div>\n\t\t\t\t<\/div>\n\t\t\t\t\n\n\t\t\t<\/div>\n\t\t<\/div>\n\t<\/div>\n<\/section>\n\t\t\t\t<\/div>\n\t\t\t\t<\/div>\n\t\t\t\t\t<\/div>\n\t\t<\/div>\n\t\t\t\t\t\t\t<\/div>\n\t\t<\/section>\n\t\t\t\t\t\t\t<\/div>\n\t\t","protected":false},"excerpt":{"rendered":"<p>Storia \u00ab Qui perenne \u00e8 l&#8217;aprile ed ingemmata Ride di gigli e rose ogni pendice, D&#8217;un zeffiro vital l&#8217;aura felice Rinverde ognor la sponda innamorata; Il cielo,a cui bella innocenza [&hellip;]<\/p>\n","protected":false},"author":1,"featured_media":1635,"parent":0,"menu_order":0,"comment_status":"closed","ping_status":"closed","template":"","meta":{"pgc_meta":"","footnotes":""},"pgc_meta":"","_links":{"self":[{"href":"http:\/\/2.114.201.122\/comunecardeto.it\/wp-json\/wp\/v2\/pages\/352"}],"collection":[{"href":"http:\/\/2.114.201.122\/comunecardeto.it\/wp-json\/wp\/v2\/pages"}],"about":[{"href":"http:\/\/2.114.201.122\/comunecardeto.it\/wp-json\/wp\/v2\/types\/page"}],"author":[{"embeddable":true,"href":"http:\/\/2.114.201.122\/comunecardeto.it\/wp-json\/wp\/v2\/users\/1"}],"replies":[{"embeddable":true,"href":"http:\/\/2.114.201.122\/comunecardeto.it\/wp-json\/wp\/v2\/comments?post=352"}],"version-history":[{"count":7,"href":"http:\/\/2.114.201.122\/comunecardeto.it\/wp-json\/wp\/v2\/pages\/352\/revisions"}],"predecessor-version":[{"id":1714,"href":"http:\/\/2.114.201.122\/comunecardeto.it\/wp-json\/wp\/v2\/pages\/352\/revisions\/1714"}],"wp:featuredmedia":[{"embeddable":true,"href":"http:\/\/2.114.201.122\/comunecardeto.it\/wp-json\/wp\/v2\/media\/1635"}],"wp:attachment":[{"href":"http:\/\/2.114.201.122\/comunecardeto.it\/wp-json\/wp\/v2\/media?parent=352"}],"curies":[{"name":"wp","href":"https:\/\/api.w.org\/{rel}","templated":true}]}}